{"id":64518,"date":"2021-02-23T04:59:24","date_gmt":"2021-02-23T04:59:24","guid":{"rendered":"http:\/\/s862429933.mialojamiento.es\/?page_id=72"},"modified":"2021-07-15T10:08:37","modified_gmt":"2021-07-15T08:08:37","slug":"principios","status":"publish","type":"page","link":"https:\/\/euskadi.verdesequo.es\/EU\/principios\/","title":{"rendered":"Principios"},"content":{"rendered":"<p>Estos son los pilares de nuestro programa,<br \/><a href=\"\/wp-content\/uploads\/2021\/03\/ProgramaVQ.pdf\" data-type=\"URL\" data-id=\"http:\/\/s862429933.mialojamiento.es\/wp-content\/uploads\/2021\/03\/ProgramaVQ.pdf\"><br \/><br \/><\/a><\/p>\r\n<p>\u00a0<a href=\"\/economia-y-empleo\" data-type=\"URL\" data-id=\"\/economia-y-empleo\"><img decoding=\"async\" class=\"wp-image-390\" style=\"width: 120px;\" src=\"http:\/\/s862429933.mialojamiento.es\/wp-content\/uploads\/2021\/03\/EyE.png\" alt=\"\" \/><\/a> <a href=\"\/justicia-social-y-salud\" data-type=\"URL\" data-id=\"\/justicia-social-y-salud\"><img decoding=\"async\" class=\"wp-image-391\" style=\"width: 120px;\" src=\"http:\/\/s862429933.mialojamiento.es\/wp-content\/uploads\/2021\/03\/JSyS.png\" alt=\"\" \/><\/a> <a href=\"\/biodiversidad-y-derecho-animal\" data-type=\"URL\" data-id=\"\/biodiversidad-y-derecho-animal\"><img decoding=\"async\" class=\"wp-image-388\" style=\"width: 120px;\" src=\"http:\/\/s862429933.mialojamiento.es\/wp-content\/uploads\/2021\/03\/BYDA-1.png\" alt=\"\" \/><\/a> <a href=\"\/soberania-alimentaria\" data-type=\"URL\" data-id=\"\/soberania-alimentaria\"><img decoding=\"async\" class=\"wp-image-387\" style=\"width: 120px;\" src=\"http:\/\/s862429933.mialojamiento.es\/wp-content\/uploads\/2021\/03\/SA.png\" alt=\"\" \/><\/a> <a href=\"\/participacion-y-democracia\" data-type=\"URL\" data-id=\"\/participacion-y-democracia\"><img decoding=\"async\" class=\"wp-image-392\" style=\"width: 120px;\" src=\"http:\/\/s862429933.mialojamiento.es\/wp-content\/uploads\/2021\/03\/PyD.png\" alt=\"\" \/><\/a><\/p>\r\n<p><a href=\"\/wp-content\/uploads\/2021\/03\/ProgramaVQ.pdf\" data-type=\"URL\" data-id=\"http:\/\/s862429933.mialojamiento.es\/wp-content\/uploads\/2021\/03\/ProgramaVQ.pdf\">\r\n\r\n\r\n\r\n\r\n\r\n<\/a><\/p>\r\n<p id=\"clima-y-energia\">Puedes ver el programa aqu\u00ed: <a href=\"\/wp-content\/uploads\/2021\/03\/ProgramaVQ.pdf\" data-type=\"URL\" data-id=\"http:\/\/s862429933.mialojamiento.es\/wp-content\/uploads\/2021\/03\/ProgramaVQ.pdf\">Elecciones Generales 2019<\/a><br \/><br \/>Consulta nuestro <a href=\"https:\/\/verdesequo.es\/wp-content\/uploads\/2021\/05\/Reconstruccion-verde-y-justa.-Final.pdf\">Proyecto para una Reconstrucci\u00f3n Verde y Justa<\/a><\/p>\r\n<p>Lee tambi\u00e9n la <a href=\"https:\/\/verdesequo.es\/carta-de-los-verdes-europeos\">Carta de Los Verdes Europeos<\/a><\/p>","protected":false},"excerpt":{"rendered":"<p>Estos son los pilares de nuestro programa, \u00a0 Puedes ver el programa aqu\u00ed: Elecciones Generales 2019 Consulta nuestro Proyecto para una Reconstrucci\u00f3n Verde y Justa Lee tambi\u00e9n la Carta de Los Verdes Europeos<\/p>\n","protected":false},"author":1,"featured_media":64511,"parent":0,"menu_order":0,"comment_status":"closed","ping_status":"closed","template":"","meta":{"footnotes":""},"class_list":["post-64518","page","type-page","status-publish","has-post-thumbnail","czr-hentry"],"aioseo_notices":[],"_links":{"self":[{"href":"https:\/\/euskadi.verdesequo.es\/EU\/wp-json\/wp\/v2\/pages\/64518","targetHints":{"allow":["GET"]}}],"collection":[{"href":"https:\/\/euskadi.verdesequo.es\/EU\/wp-json\/wp\/v2\/pages"}],"about":[{"href":"https:\/\/euskadi.verdesequo.es\/EU\/wp-json\/wp\/v2\/types\/page"}],"author":[{"embeddable":true,"href":"https:\/\/euskadi.verdesequo.es\/EU\/wp-json\/wp\/v2\/users\/1"}],"replies":[{"embeddable":true,"href":"https:\/\/euskadi.verdesequo.es\/EU\/wp-json\/wp\/v2\/comments?post=64518"}],"version-history":[{"count":1,"href":"https:\/\/euskadi.verdesequo.es\/EU\/wp-json\/wp\/v2\/pages\/64518\/revisions"}],"predecessor-version":[{"id":64538,"href":"https:\/\/euskadi.verdesequo.es\/EU\/wp-json\/wp\/v2\/pages\/64518\/revisions\/64538"}],"wp:featuredmedia":[{"embeddable":true,"href":"https:\/\/euskadi.verdesequo.es\/EU\/wp-json\/wp\/v2\/media\/64511"}],"wp:attachment":[{"href":"https:\/\/euskadi.verdesequo.es\/EU\/wp-json\/wp\/v2\/media?parent=64518"}],"curies":[{"name":"wp","href":"https:\/\/api.w.org\/{rel}","templated":true}]}}