{"id":63240,"date":"2019-11-07T11:00:50","date_gmt":"2019-11-07T10:00:50","guid":{"rendered":"http:\/\/euskadi.partidoequo.es\/?page_id=63240"},"modified":"2019-11-07T11:16:48","modified_gmt":"2019-11-07T10:16:48","slug":"iii-congreso-geugaragreens","status":"publish","type":"page","link":"https:\/\/euskadi.verdesequo.es\/EU\/iii-congreso-geugaragreens\/","title":{"rendered":"#GeuGaraGreens III.Batzar Nagusia"},"content":{"rendered":"<p>El s\u00e1bado 5 de Octubre EQUO Berdeak celebra en el <strong>Palacio Miramar de Donostia<\/strong> su III Congreso. Se desarrollar\u00e1 en <strong>el aula 105 de la primera planta.<\/strong><\/p>\n<p><a href=\"http:\/\/euskadi.partidoequo.es\/wp-content\/uploads\/2019\/10\/20191005-QB-III-Kongresua-BANNER-FACEBOOK.jpg\"><img loading=\"lazy\" decoding=\"async\" class=\" wp-image-63128 alignright\" src=\"http:\/\/euskadi.partidoequo.es\/wp-content\/uploads\/2019\/10\/20191005-QB-III-Kongresua-BANNER-FACEBOOK-1024x538.jpg\" alt=\"\" width=\"463\" height=\"243\" srcset=\"https:\/\/euskadi.verdesequo.es\/wp-content\/uploads\/2019\/10\/20191005-QB-III-Kongresua-BANNER-FACEBOOK-1024x538.jpg 1024w, https:\/\/euskadi.verdesequo.es\/wp-content\/uploads\/2019\/10\/20191005-QB-III-Kongresua-BANNER-FACEBOOK-300x158.jpg 300w, https:\/\/euskadi.verdesequo.es\/wp-content\/uploads\/2019\/10\/20191005-QB-III-Kongresua-BANNER-FACEBOOK-768x403.jpg 768w, https:\/\/euskadi.verdesequo.es\/wp-content\/uploads\/2019\/10\/20191005-QB-III-Kongresua-BANNER-FACEBOOK-150x79.jpg 150w\" sizes=\"auto, (max-width: 463px) 100vw, 463px\" \/><\/a>En el encuentro quedar\u00e1n aprobados la estrategia y los documentos pol\u00edticos y organizativos que determinar\u00e1n el rumbo de las y los verdes vascos en los pr\u00f3ximos a\u00f1os, documentos sobre los que lleva trabajando la formaci\u00f3n en las \u00faltimas semanas. As\u00ed mismo se\u00a0 presentar\u00e1n cuatro resoluciones pol\u00edticas. Esas tareas centrar\u00e1n la sesi\u00f3n vespertina del Congreso.<\/p>\n<p>Durante la ma\u00f1ana, a la que se le otorga un enfoque m\u00e1s din\u00e1mico, los y las asistences al Congreso tendr\u00e1n la oportunidad de escuchar a ponentes con un recorrido rese\u00f1able en el ecologismo. Ser\u00e1 durante la charla coloquio que se desarrollar\u00e1 bajo el t\u00edtulo &#8216;Transici\u00f3n hacia la econom\u00eda verde&#8217; y en la que se contar\u00e1 con las intervenciones de:<\/p>\n<ul>\n<li><strong>Karen Naessens<\/strong> &#8211; Coordinadora de movilizaci\u00f3n clim\u00e1tica, <strong>Greenpeace B\u00e9lgica<\/strong>.<\/li>\n<\/ul>\n<p><em>La emergencia clim\u00e1tica y las movilizaciones europeas frente al cambio clim\u00e1tico. (pendiente de que me diga si va a hablar en ingl\u00e9s, franc\u00e9s o castellano &#8211; traduce Lo\u00efc\/Vero, seg\u00fan idioma)<\/em><\/p>\n<ul>\n<li><strong>Patxi Esquembre<\/strong> &#8211; ex-alcalde verde de l<strong>os Verdes de Europa en Villena<\/strong>. Los Verdes de Europa (citar, es el nombre oficial de su partido).<\/li>\n<\/ul>\n<p><em>Experiencia y ejemplos de trabajo para lograr una transici\u00f3n y el camino hacia una econom\u00eda verde desde la gesti\u00f3n de un gobierno municipal.<\/em><\/p>\n<ul>\n<li><strong>Carolina L\u00f3pez<\/strong> &#8211; Coportavoz de <strong>EQUO Catalunya<\/strong> y Consellera de Districte dels Comuns de Barcelona.<\/li>\n<\/ul>\n<p><em>Hacia la Econom\u00eda verde apostando por una econom\u00eda circular. Ejemplos desde los barrios de Barcelona.<\/em><\/p>\n<ul>\n<li><strong>Jos\u00e9 Ram\u00f3n Becerra<\/strong> &#8211; <strong>Parlamentario de EQUO Berdeak<\/strong> en Elkarrekin Podemos.<\/li>\n<\/ul>\n<p><em>\u00bfQu\u00e9 hace un parlamentario verde desde la oposici\u00f3n en Euskadi para afrontar la emergencia clim\u00e1tica, y apostar por una transici\u00f3n hacia una econom\u00eda verde?<\/em><\/p>\n<p><a href=\"http:\/\/euskadi.partidoequo.es\/wp-content\/uploads\/2019\/10\/20191005-QB-III-Kongresua-PONENTES-FBTW-em03b.jpg\"><img loading=\"lazy\" decoding=\"async\" class=\"size-large wp-image-63129 aligncenter\" src=\"http:\/\/euskadi.partidoequo.es\/wp-content\/uploads\/2019\/10\/20191005-QB-III-Kongresua-PONENTES-FBTW-em03b-1024x513.jpg\" alt=\"\" width=\"1000\" height=\"501\" srcset=\"https:\/\/euskadi.verdesequo.es\/wp-content\/uploads\/2019\/10\/20191005-QB-III-Kongresua-PONENTES-FBTW-em03b-1024x513.jpg 1024w, https:\/\/euskadi.verdesequo.es\/wp-content\/uploads\/2019\/10\/20191005-QB-III-Kongresua-PONENTES-FBTW-em03b-300x150.jpg 300w, https:\/\/euskadi.verdesequo.es\/wp-content\/uploads\/2019\/10\/20191005-QB-III-Kongresua-PONENTES-FBTW-em03b-768x384.jpg 768w, https:\/\/euskadi.verdesequo.es\/wp-content\/uploads\/2019\/10\/20191005-QB-III-Kongresua-PONENTES-FBTW-em03b-150x75.jpg 150w, https:\/\/euskadi.verdesequo.es\/wp-content\/uploads\/2019\/10\/20191005-QB-III-Kongresua-PONENTES-FBTW-em03b.jpg 1920w\" sizes=\"auto, (max-width: 1000px) 100vw, 1000px\" \/><\/a><\/p>\n<p>Desde su experiencia institucional y recorrido profesional intercambiar\u00e1n impresiones y reflexiones sobre los cambios tan \u00fatiles que ha reportado llevar la ecolog\u00eda pol\u00edtica a las instituciones y otros \u00e1mbitos de actuaci\u00f3n. Y nos hablar\u00e1n de la importancia crucial- ahora m\u00e1s que nunca -de situarla en el centro, como el eje transversal y transformador necesario para lograr la justicia social y ambiental.<\/p>\n<p>Despu\u00e9s del coloquio se abrir\u00e1 un turno de preguntas.<\/p>\n<p>EQUO Berdeak considera que es compartida por la sociedad vasca la preocupaci\u00f3n ante la crisis clim\u00e1tica y aumenta d\u00eda a d\u00eda entre la ciudadan\u00eda el convencimiento de que la acci\u00f3n pol\u00edtica debe jugar un papel primordial en la protecci\u00f3n y preservaci\u00f3n del medio ambiente y de los recursos naturales para poder garantizar un futuro a las generaciones venideras. Ante esta creciente percepci\u00f3n social, EQUO Berdeak se presentar\u00e1 el pr\u00f3ximo 5 de octubre en Miramar como la \u00fanica fuerza pol\u00edtica capaz de aglutinar en Euskadi estas demandas sociales y aportar respuestas y soluciones eficaces. Solo el partido verde afronta esta tarea desde un enfoque integral de cambio social, pol\u00edtico y econ\u00f3mico, \u201cporque la justicia social y la justicia ambiental van de la mano\u201d.<\/p>\n<p><strong>PROGRAMA<\/strong>\u00a0 [gview file=&#8221;http:\/\/euskadi.partidoequo.es\/wp-content\/uploads\/2019\/10\/programa-1.docx&#8221;]<\/p>\n","protected":false},"excerpt":{"rendered":"<p>El s\u00e1bado 5 de Octubre EQUO Berdeak celebra en el Palacio Miramar de Donostia su III Congreso. Se desarrollar\u00e1 en el aula 105 de la primera planta. En el encuentro quedar\u00e1n aprobados la estrategia y los documentos pol\u00edticos y organizativos que determinar\u00e1n el rumbo de las y los verdes vascos en los pr\u00f3ximos a\u00f1os, documentos [&hellip;]<\/p>\n","protected":false},"author":1,"featured_media":0,"parent":0,"menu_order":0,"comment_status":"closed","ping_status":"closed","template":"","meta":{"footnotes":""},"class_list":["post-63240","page","type-page","status-publish","czr-hentry"],"aioseo_notices":[],"_links":{"self":[{"href":"https:\/\/euskadi.verdesequo.es\/EU\/wp-json\/wp\/v2\/pages\/63240","targetHints":{"allow":["GET"]}}],"collection":[{"href":"https:\/\/euskadi.verdesequo.es\/EU\/wp-json\/wp\/v2\/pages"}],"about":[{"href":"https:\/\/euskadi.verdesequo.es\/EU\/wp-json\/wp\/v2\/types\/page"}],"author":[{"embeddable":true,"href":"https:\/\/euskadi.verdesequo.es\/EU\/wp-json\/wp\/v2\/users\/1"}],"replies":[{"embeddable":true,"href":"https:\/\/euskadi.verdesequo.es\/EU\/wp-json\/wp\/v2\/comments?post=63240"}],"version-history":[{"count":2,"href":"https:\/\/euskadi.verdesequo.es\/EU\/wp-json\/wp\/v2\/pages\/63240\/revisions"}],"predecessor-version":[{"id":63242,"href":"https:\/\/euskadi.verdesequo.es\/EU\/wp-json\/wp\/v2\/pages\/63240\/revisions\/63242"}],"wp:attachment":[{"href":"https:\/\/euskadi.verdesequo.es\/EU\/wp-json\/wp\/v2\/media?parent=63240"}],"curies":[{"name":"wp","href":"https:\/\/api.w.org\/{rel}","templated":true}]}}